{"id":103628,"date":"2024-07-15T15:12:19","date_gmt":"2024-07-15T13:12:19","guid":{"rendered":"https:\/\/www.lobeco.de\/?page_id=103628"},"modified":"2025-01-20T10:30:09","modified_gmt":"2025-01-20T09:30:09","slug":"blog","status":"publish","type":"page","link":"https:\/\/www.lobeco.de\/en\/blog\/","title":{"rendered":"Blog"},"content":{"rendered":"\t\t<div data-elementor-type=\"wp-page\" data-elementor-id=\"103628\" class=\"elementor elementor-103628 elementor-103627\" data-elementor-post-type=\"page\">\n\t\t\t\t\t\t<section class=\"elementor-section elementor-top-section elementor-element elementor-element-f187811 elementor-reverse-tablet elementor-reverse-mobile elementor-section-height-min-height elementor-section-items-stretch elementor-section-boxed elementor-section-height-default\" data-id=\"f187811\" data-element_type=\"section\" data-e-type=\"section\" data-settings=\"{&quot;background_background&quot;:&quot;classic&quot;}\">\n\t\t\t\t\t\t<div class=\"elementor-container elementor-column-gap-wider\">\n\t\t\t\t\t<div class=\"elementor-column elementor-col-100 elementor-top-column elementor-element elementor-element-b9ce2a1\" data-id=\"b9ce2a1\" data-element_type=\"column\" data-e-type=\"column\">\n\t\t\t<div class=\"elementor-widget-wrap elementor-element-populated\">\n\t\t\t\t\t\t<div class=\"elementor-element elementor-element-1bc9f2a elementor-widget elementor-widget-the7-heading\" data-id=\"1bc9f2a\" data-element_type=\"widget\" data-e-type=\"widget\" data-widget_type=\"the7-heading.default\">\n\t\t\t\t<div class=\"elementor-widget-container\">\n\t\t\t\t\t<h2 class=\"the7-heading-title elementor-size-default\">Blog<\/h2>\t\t\t\t<\/div>\n\t\t\t\t<\/div>\n\t\t\t\t\t<\/div>\n\t\t<\/div>\n\t\t\t\t\t<\/div>\n\t\t<\/section>\n\t\t\t\t<section class=\"elementor-section elementor-top-section elementor-element elementor-element-5f918b4 elementor-section-boxed elementor-section-height-default elementor-section-height-default\" data-id=\"5f918b4\" data-element_type=\"section\" data-e-type=\"section\" data-settings=\"{&quot;background_background&quot;:&quot;classic&quot;}\">\n\t\t\t\t\t\t<div class=\"elementor-container elementor-column-gap-wider\">\n\t\t\t\t\t<div class=\"elementor-column elementor-col-100 elementor-top-column elementor-element elementor-element-caeb6ce\" data-id=\"caeb6ce\" data-element_type=\"column\" data-e-type=\"column\">\n\t\t\t<div class=\"elementor-widget-wrap elementor-element-populated\">\n\t\t\t\t\t\t<div class=\"elementor-element elementor-element-62ac6d2 elementor-widget elementor-widget-the7_elements\" data-id=\"62ac6d2\" data-element_type=\"widget\" data-e-type=\"widget\" data-widget_type=\"the7_elements.default\">\n\t\t\t\t<div class=\"elementor-widget-container\">\n\t\t\t\t\t<div class=\"portfolio-shortcode the7-elementor-widget the7_elements-62ac6d2 mode-masonry classic-layout-list description-under-image quick-scale-img content-bg-on resize-by-browser-width loading-effect-none jquery-filter\" data-padding=\"40px\" data-mobile-columns-num=\"1\" data-tablet-columns-num=\"2\" data-desktop-columns-num=\"3\" data-wide-desktop-columns-num=\"3\" data-post-limit=\"-1\" data-pagination-mode=\"none\" data-scroll-offset=\"\" aria-live=\"assertive\"><div class=\"iso-container dt-isotope custom-iso-columns\"><div class=\"visible wf-cell iso-item\" data-post-id=\"110884\" data-date=\"2026-04-22T17:20:24+02:00\" data-name=\"Winter Olympics 2026: An unforgettable spectacle - and what the Instagram numbers reveal afterwards\"><article class=\"post visible post-110884 type-post status-publish format-standard has-post-thumbnail hentry category-blog-en tag-social-media-en\" data-name=\"Winter Olympics 2026: An unforgettable spectacle &#8211; and what the Instagram numbers reveal afterwards\" data-date=\"2026-04-22T17:20:24+02:00\">\n\n\t<div class=\"post-thumbnail-wrap\">\n\t\t<div class=\"post-thumbnail\">\n\n\t\t\t<a class=\"post-thumbnail-rollover layzr-bg img-css-resize-wrapper\" aria-label=\"Post image\" href=\"https:\/\/www.lobeco.de\/en\/2026\/04\/22\/winter-olympics-2026-an-unforgettable-spectacle-and-what-the-instagram-numbers-reveal-afterwards\/\"><img fetchpriority=\"high\" decoding=\"async\" width=\"2000\" height=\"1333\" src=\"data:image\/svg+xml,%3Csvg%20xmlns%3D&#039;http%3A%2F%2Fwww.w3.org%2F2000%2Fsvg&#039;%20viewBox%3D&#039;0%200%202000%201333&#039;%2F%3E\" class=\"attachment-full size-full preload-me aspect lazy lazy-load\" alt=\"\" sizes=\"(max-width: 2000px) 100vw, 2000px\" style=\"--ratio: 2000 \/ 1333;\" data-src=\"https:\/\/www.lobeco.de\/wp-content\/uploads\/2026\/04\/digital-wahlkampf.jpg\" loading=\"eager\" data-srcset=\"https:\/\/www.lobeco.de\/wp-content\/uploads\/2026\/04\/digital-wahlkampf.jpg 2000w, https:\/\/www.lobeco.de\/wp-content\/uploads\/2026\/04\/digital-wahlkampf-300x200.jpg 300w, https:\/\/www.lobeco.de\/wp-content\/uploads\/2026\/04\/digital-wahlkampf-1024x682.jpg 1024w, https:\/\/www.lobeco.de\/wp-content\/uploads\/2026\/04\/digital-wahlkampf-768x512.jpg 768w, https:\/\/www.lobeco.de\/wp-content\/uploads\/2026\/04\/digital-wahlkampf-1536x1024.jpg 1536w\" \/><\/a>\n\t\t<\/div>\n\t<\/div>\n\n\n<div class=\"post-entry-content\">\n\n\t<h3 class=\"ele-entry-title\"><a href=\"https:\/\/www.lobeco.de\/en\/2026\/04\/22\/winter-olympics-2026-an-unforgettable-spectacle-and-what-the-instagram-numbers-reveal-afterwards\/\" rel=\"bookmark\" title=\"Winter Olympics 2026: An unforgettable spectacle &#8211; and what the Instagram numbers reveal afterwards\">Winter Olympics 2026: An unforgettable spectacle &#8211; and what the Instagram numbers reveal afterwards<\/a><\/h3><div class=\"entry-meta\"><a href=\"https:\/\/www.lobeco.de\/en\/2026\/04\/22\/\" title=\"17:20\" class=\"meta-item data-link\" rel=\"bookmark\"><time class=\"entry-date updated\" datetime=\"2026-04-22T17:20:24+02:00\">22. April 2026<\/time><\/a><\/div><div class=\"entry-excerpt\"><p>The 2026 Winter Olympics in Milan and Cortina d&#8217;Ampezzo are officially history. Two weeks full of emotions, top performances and unforgettable moments in one of the most beautiful settings that winter sports has to offer. <\/p>\n<\/div><a href=\"https:\/\/www.lobeco.de\/en\/2026\/04\/22\/winter-olympics-2026-an-unforgettable-spectacle-and-what-the-instagram-numbers-reveal-afterwards\/\" target=\"\" aria-label=\"Read more about Winter Olympics 2026: An unforgettable spectacle &#8211; and what the Instagram numbers reveal afterwards\" class=\"box-button elementor-button elementor-size-xs\">Read more<\/a>\n<\/div><\/article><\/div><div class=\"visible wf-cell iso-item\" data-post-id=\"110818\" data-date=\"2026-02-26T15:44:11+01:00\" data-name=\"Winter Olympics 2026: An unforgettable spectacle - and what the Instagram numbers reveal afterwards\"><article class=\"post visible post-110818 type-post status-publish format-standard has-post-thumbnail hentry category-blog-en\" data-name=\"Winter Olympics 2026: An unforgettable spectacle &#8211; and what the Instagram numbers reveal afterwards\" data-date=\"2026-02-26T15:44:11+01:00\">\n\n\t<div class=\"post-thumbnail-wrap\">\n\t\t<div class=\"post-thumbnail\">\n\n\t\t\t<a class=\"post-thumbnail-rollover layzr-bg img-css-resize-wrapper\" aria-label=\"Post image\" href=\"https:\/\/www.lobeco.de\/en\/2026\/02\/26\/olympische-winterspiele-2026-ein-unvergessliches-spektakel-und-was-die-instagram-zahlen-danach-verraten\/\"><img decoding=\"async\" width=\"2000\" height=\"1333\" src=\"data:image\/svg+xml,%3Csvg%20xmlns%3D&#039;http%3A%2F%2Fwww.w3.org%2F2000%2Fsvg&#039;%20viewBox%3D&#039;0%200%202000%201333&#039;%2F%3E\" class=\"attachment-full size-full preload-me aspect lazy lazy-load\" alt=\"\" sizes=\"(max-width: 2000px) 100vw, 2000px\" style=\"--ratio: 2000 \/ 1333;\" data-src=\"https:\/\/www.lobeco.de\/wp-content\/uploads\/2026\/02\/von-allmen-lobeco.jpg\" loading=\"eager\" data-srcset=\"https:\/\/www.lobeco.de\/wp-content\/uploads\/2026\/02\/von-allmen-lobeco.jpg 2000w, https:\/\/www.lobeco.de\/wp-content\/uploads\/2026\/02\/von-allmen-lobeco-300x200.jpg 300w, https:\/\/www.lobeco.de\/wp-content\/uploads\/2026\/02\/von-allmen-lobeco-1024x682.jpg 1024w, https:\/\/www.lobeco.de\/wp-content\/uploads\/2026\/02\/von-allmen-lobeco-768x512.jpg 768w, https:\/\/www.lobeco.de\/wp-content\/uploads\/2026\/02\/von-allmen-lobeco-1536x1024.jpg 1536w\" \/><\/a>\n\t\t<\/div>\n\t<\/div>\n\n\n<div class=\"post-entry-content\">\n\n\t<h3 class=\"ele-entry-title\"><a href=\"https:\/\/www.lobeco.de\/en\/2026\/02\/26\/olympische-winterspiele-2026-ein-unvergessliches-spektakel-und-was-die-instagram-zahlen-danach-verraten\/\" rel=\"bookmark\" title=\"Winter Olympics 2026: An unforgettable spectacle &#8211; and what the Instagram numbers reveal afterwards\">Winter Olympics 2026: An unforgettable spectacle &#8211; and what the Instagram numbers reveal afterwards<\/a><\/h3><div class=\"entry-meta\"><a href=\"https:\/\/www.lobeco.de\/en\/2026\/02\/26\/\" title=\"15:44\" class=\"meta-item data-link\" rel=\"bookmark\"><time class=\"entry-date updated\" datetime=\"2026-02-26T15:44:11+01:00\">26. February 2026<\/time><\/a><\/div><div class=\"entry-excerpt\"><p>The 2026 Winter Olympics in Milan and Cortina d&#8217;Ampezzo are officially history. Two weeks full of emotions, top performances and unforgettable moments in one of the most beautiful settings that winter sports has to offer. <\/p>\n<\/div><a href=\"https:\/\/www.lobeco.de\/en\/2026\/02\/26\/olympische-winterspiele-2026-ein-unvergessliches-spektakel-und-was-die-instagram-zahlen-danach-verraten\/\" target=\"\" aria-label=\"Read more about Winter Olympics 2026: An unforgettable spectacle &#8211; and what the Instagram numbers reveal afterwards\" class=\"box-button elementor-button elementor-size-xs\">Read more<\/a>\n<\/div><\/article><\/div><div class=\"visible wf-cell iso-item\" data-post-id=\"110822\" data-date=\"2026-02-12T17:37:02+01:00\" data-name=\"AI content on social media: Between innovation, responsibility and transparency\"><article class=\"post visible post-110822 type-post status-publish format-standard has-post-thumbnail hentry category-blog-en\" data-name=\"AI content on social media: Between innovation, responsibility and transparency\" data-date=\"2026-02-12T17:37:02+01:00\">\n\n\t<div class=\"post-thumbnail-wrap\">\n\t\t<div class=\"post-thumbnail\">\n\n\t\t\t<a class=\"post-thumbnail-rollover layzr-bg img-css-resize-wrapper\" aria-label=\"Post image\" href=\"https:\/\/www.lobeco.de\/en\/2026\/02\/12\/ai-content-on-social-media-between-innovation-responsibility-and-transparency\/\"><img decoding=\"async\" width=\"1920\" height=\"1080\" src=\"data:image\/svg+xml,%3Csvg%20xmlns%3D&#039;http%3A%2F%2Fwww.w3.org%2F2000%2Fsvg&#039;%20viewBox%3D&#039;0%200%201920%201080&#039;%2F%3E\" class=\"attachment-full size-full preload-me aspect lazy lazy-load\" alt=\"\" sizes=\"(max-width: 1920px) 100vw, 1920px\" style=\"--ratio: 1920 \/ 1080;\" data-src=\"https:\/\/www.lobeco.de\/wp-content\/uploads\/2026\/02\/ai-social-media.jpg\" loading=\"eager\" data-srcset=\"https:\/\/www.lobeco.de\/wp-content\/uploads\/2026\/02\/ai-social-media.jpg 1920w, https:\/\/www.lobeco.de\/wp-content\/uploads\/2026\/02\/ai-social-media-300x169.jpg 300w, https:\/\/www.lobeco.de\/wp-content\/uploads\/2026\/02\/ai-social-media-1024x576.jpg 1024w, https:\/\/www.lobeco.de\/wp-content\/uploads\/2026\/02\/ai-social-media-768x432.jpg 768w, https:\/\/www.lobeco.de\/wp-content\/uploads\/2026\/02\/ai-social-media-1536x864.jpg 1536w\" \/><\/a>\n\t\t<\/div>\n\t<\/div>\n\n\n<div class=\"post-entry-content\">\n\n\t<h3 class=\"ele-entry-title\"><a href=\"https:\/\/www.lobeco.de\/en\/2026\/02\/12\/ai-content-on-social-media-between-innovation-responsibility-and-transparency\/\" rel=\"bookmark\" title=\"AI content on social media: Between innovation, responsibility and transparency\">AI content on social media: Between innovation, responsibility and transparency<\/a><\/h3><div class=\"entry-meta\"><a href=\"https:\/\/www.lobeco.de\/en\/2026\/02\/12\/\" title=\"17:37\" class=\"meta-item data-link\" rel=\"bookmark\"><time class=\"entry-date updated\" datetime=\"2026-02-12T17:37:02+01:00\">12. February 2026<\/time><\/a><\/div><div class=\"entry-excerpt\"><p>Generative AI has radically changed content production. What sounded like science fiction just a few years ago is now part of everyday creative life in marketing departments and agencies. <\/p>\n<\/div><a href=\"https:\/\/www.lobeco.de\/en\/2026\/02\/12\/ai-content-on-social-media-between-innovation-responsibility-and-transparency\/\" target=\"\" aria-label=\"Read more about AI content on social media: Between innovation, responsibility and transparency\" class=\"box-button elementor-button elementor-size-xs\">Read more<\/a>\n<\/div><\/article><\/div><div class=\"visible wf-cell iso-item\" data-post-id=\"108051\" data-date=\"2025-01-28T13:25:00+01:00\" data-name=\"DACH Sports Brands are Missing Out in China\"><article class=\"post visible post-108051 type-post status-publish format-standard has-post-thumbnail hentry category-blog-en\" data-name=\"DACH Sports Brands are Missing Out in China\" data-date=\"2025-01-28T13:25:00+01:00\">\n\n\t<div class=\"post-thumbnail-wrap\">\n\t\t<div class=\"post-thumbnail\">\n\n\t\t\t<a class=\"post-thumbnail-rollover layzr-bg img-css-resize-wrapper\" aria-label=\"Post image\" href=\"https:\/\/www.lobeco.de\/en\/2025\/01\/28\/dach-sports-brands-are-missing-out-in-china\/\"><img decoding=\"async\" width=\"1792\" height=\"1024\" src=\"data:image\/svg+xml,%3Csvg%20xmlns%3D&#039;http%3A%2F%2Fwww.w3.org%2F2000%2Fsvg&#039;%20viewBox%3D&#039;0%200%201792%201024&#039;%2F%3E\" class=\"attachment-full size-full preload-me aspect lazy lazy-load\" alt=\"\" sizes=\"(max-width: 1792px) 100vw, 1792px\" style=\"--ratio: 1792 \/ 1024;\" data-src=\"https:\/\/www.lobeco.de\/wp-content\/uploads\/2025\/01\/sports-brands.jpg\" loading=\"eager\" data-srcset=\"https:\/\/www.lobeco.de\/wp-content\/uploads\/2025\/01\/sports-brands.jpg 1792w, https:\/\/www.lobeco.de\/wp-content\/uploads\/2025\/01\/sports-brands-300x171.jpg 300w, https:\/\/www.lobeco.de\/wp-content\/uploads\/2025\/01\/sports-brands-1024x585.jpg 1024w, https:\/\/www.lobeco.de\/wp-content\/uploads\/2025\/01\/sports-brands-768x439.jpg 768w, https:\/\/www.lobeco.de\/wp-content\/uploads\/2025\/01\/sports-brands-1536x878.jpg 1536w\" \/><\/a>\n\t\t<\/div>\n\t<\/div>\n\n\n<div class=\"post-entry-content\">\n\n\t<h3 class=\"ele-entry-title\"><a href=\"https:\/\/www.lobeco.de\/en\/2025\/01\/28\/dach-sports-brands-are-missing-out-in-china\/\" rel=\"bookmark\" title=\"DACH Sports Brands are Missing Out in China\">DACH Sports Brands are Missing Out in China<\/a><\/h3><div class=\"entry-meta\"><a href=\"https:\/\/www.lobeco.de\/en\/2025\/01\/28\/\" title=\"13:25\" class=\"meta-item data-link\" rel=\"bookmark\"><time class=\"entry-date updated\" datetime=\"2025-01-28T13:25:00+01:00\">28. January 2025<\/time><\/a><\/div><div class=\"entry-excerpt\"><p>China is currently the second-largest market globally for sports brands and is anticipated to soon become the leading market for sportswear and equipment worldwide. With a compound annual growth rate (CAGR) of 9%, China&#8217;s market growth significantly surpasses that of the United States, which has a CAGR of 2.5%.<\/p>\n<\/div><a href=\"https:\/\/www.lobeco.de\/en\/2025\/01\/28\/dach-sports-brands-are-missing-out-in-china\/\" target=\"\" aria-label=\"Read more about DACH Sports Brands are Missing Out in China\" class=\"box-button elementor-button elementor-size-xs\">Read more<\/a>\n<\/div><\/article><\/div><div class=\"visible wf-cell iso-item\" data-post-id=\"107906\" data-date=\"2025-01-17T13:15:58+01:00\" data-name=\"Zuckerberg&#039;s U-turn in the political context - A commentary\"><article class=\"post visible post-107906 type-post status-publish format-standard has-post-thumbnail hentry category-blog-en\" data-name=\"Zuckerberg&#8217;s U-turn in the political context &#8211; A commentary\" data-date=\"2025-01-17T13:15:58+01:00\">\n\n\t<div class=\"post-thumbnail-wrap\">\n\t\t<div class=\"post-thumbnail\">\n\n\t\t\t<a class=\"post-thumbnail-rollover layzr-bg img-css-resize-wrapper\" aria-label=\"Post image\" href=\"https:\/\/www.lobeco.de\/en\/2025\/01\/17\/zuckerbergs-u-turn-in-the-political-context-a-commentary\/\"><img decoding=\"async\" width=\"1000\" height=\"684\" src=\"data:image\/svg+xml,%3Csvg%20xmlns%3D&#039;http%3A%2F%2Fwww.w3.org%2F2000%2Fsvg&#039;%20viewBox%3D&#039;0%200%201000%20684&#039;%2F%3E\" class=\"attachment-full size-full preload-me aspect lazy lazy-load\" alt=\"\" sizes=\"(max-width: 1000px) 100vw, 1000px\" style=\"--ratio: 1000 \/ 684;\" data-src=\"https:\/\/www.lobeco.de\/wp-content\/uploads\/2025\/01\/shutterstock_2140070819.jpg\" loading=\"eager\" data-srcset=\"https:\/\/www.lobeco.de\/wp-content\/uploads\/2025\/01\/shutterstock_2140070819.jpg 1000w, https:\/\/www.lobeco.de\/wp-content\/uploads\/2025\/01\/shutterstock_2140070819-300x205.jpg 300w, https:\/\/www.lobeco.de\/wp-content\/uploads\/2025\/01\/shutterstock_2140070819-768x525.jpg 768w\" \/><\/a>\n\t\t<\/div>\n\t<\/div>\n\n\n<div class=\"post-entry-content\">\n\n\t<h3 class=\"ele-entry-title\"><a href=\"https:\/\/www.lobeco.de\/en\/2025\/01\/17\/zuckerbergs-u-turn-in-the-political-context-a-commentary\/\" rel=\"bookmark\" title=\"Zuckerberg&#8217;s U-turn in the political context &#8211; A commentary\">Zuckerberg&#8217;s U-turn in the political context &#8211; A commentary<\/a><\/h3><div class=\"entry-meta\"><a href=\"https:\/\/www.lobeco.de\/en\/2025\/01\/17\/\" title=\"13:15\" class=\"meta-item data-link\" rel=\"bookmark\"><time class=\"entry-date updated\" datetime=\"2025-01-17T13:15:58+01:00\">17. January 2025<\/time><\/a><\/div><div class=\"entry-excerpt\"><p>Mark Zuckerberg&#8217;s announcement of major changes at Meta marks a turning point in the way political and social content is handled on social media. Our political experts Philine Blees and Stephan Botz reveal how political communication on the Meta platforms will change. <\/p>\n<\/div><a href=\"https:\/\/www.lobeco.de\/en\/2025\/01\/17\/zuckerbergs-u-turn-in-the-political-context-a-commentary\/\" target=\"\" aria-label=\"Read more about Zuckerberg&#8217;s U-turn in the political context &#8211; A commentary\" class=\"box-button elementor-button elementor-size-xs\">Read more<\/a>\n<\/div><\/article><\/div><div class=\"visible wf-cell iso-item\" data-post-id=\"107910\" data-date=\"2025-01-16T12:45:31+01:00\" data-name=\"The abolition of fact checks on meta platforms - challenges and opportunities for companies\"><article class=\"post visible post-107910 type-post status-publish format-standard has-post-thumbnail hentry category-blog-en\" data-name=\"The abolition of fact checks on meta platforms &#8211; challenges and opportunities for companies\" data-date=\"2025-01-16T12:45:31+01:00\">\n\n\t<div class=\"post-thumbnail-wrap\">\n\t\t<div class=\"post-thumbnail\">\n\n\t\t\t<a class=\"post-thumbnail-rollover layzr-bg img-css-resize-wrapper\" aria-label=\"Post image\" href=\"https:\/\/www.lobeco.de\/en\/2025\/01\/16\/the-abolition-of-fact-checks-on-meta-platforms-challenges-and-opportunities-for-companies\/\"><img decoding=\"async\" width=\"275\" height=\"183\" src=\"data:image\/svg+xml,%3Csvg%20xmlns%3D&#039;http%3A%2F%2Fwww.w3.org%2F2000%2Fsvg&#039;%20viewBox%3D&#039;0%200%20275%20183&#039;%2F%3E\" class=\"attachment-full size-full preload-me aspect lazy lazy-load\" alt=\"\" style=\"--ratio: 275 \/ 183;\" data-src=\"https:\/\/www.lobeco.de\/wp-content\/uploads\/2025\/01\/images.jpeg\" loading=\"eager\" \/><\/a>\n\t\t<\/div>\n\t<\/div>\n\n\n<div class=\"post-entry-content\">\n\n\t<h3 class=\"ele-entry-title\"><a href=\"https:\/\/www.lobeco.de\/en\/2025\/01\/16\/the-abolition-of-fact-checks-on-meta-platforms-challenges-and-opportunities-for-companies\/\" rel=\"bookmark\" title=\"The abolition of fact checks on meta platforms &#8211; challenges and opportunities for companies\">The abolition of fact checks on meta platforms &#8211; challenges and opportunities for companies<\/a><\/h3><div class=\"entry-meta\"><a href=\"https:\/\/www.lobeco.de\/en\/2025\/01\/16\/\" title=\"12:45\" class=\"meta-item data-link\" rel=\"bookmark\"><time class=\"entry-date updated\" datetime=\"2025-01-16T12:45:31+01:00\">16. January 2025<\/time><\/a><\/div><div class=\"entry-excerpt\"><p>Meta&#8217;s decision to abolish fact checks on Facebook and Instagram in the US raises questions worldwide &#8211; both for companies and private users. While this measure raises political and social concerns about fake news, election manipulation and hate speech, it also has a significant impact on the marketing and communications industry.<\/p>\n<\/div><a href=\"https:\/\/www.lobeco.de\/en\/2025\/01\/16\/the-abolition-of-fact-checks-on-meta-platforms-challenges-and-opportunities-for-companies\/\" target=\"\" aria-label=\"Read more about The abolition of fact checks on meta platforms &#8211; challenges and opportunities for companies\" class=\"box-button elementor-button elementor-size-xs\">Read more<\/a>\n<\/div><\/article><\/div><div class=\"visible wf-cell iso-item\" data-post-id=\"107908\" data-date=\"2024-10-14T11:10:21+02:00\" data-name=\"Why sports marketing is a central component of LOBECO&#039;s services\"><article class=\"post visible post-107908 type-post status-publish format-standard has-post-thumbnail hentry category-blog-en\" data-name=\"Why sports marketing is a central component of LOBECO&#8217;s services\" data-date=\"2024-10-14T11:10:21+02:00\">\n\n\t<div class=\"post-thumbnail-wrap\">\n\t\t<div class=\"post-thumbnail\">\n\n\t\t\t<a class=\"post-thumbnail-rollover layzr-bg img-css-resize-wrapper\" aria-label=\"Post image\" href=\"https:\/\/www.lobeco.de\/en\/2024\/10\/14\/why-sports-marketing-is-a-central-component-of-lobecos-services\/\"><img decoding=\"async\" width=\"1920\" height=\"1080\" src=\"data:image\/svg+xml,%3Csvg%20xmlns%3D&#039;http%3A%2F%2Fwww.w3.org%2F2000%2Fsvg&#039;%20viewBox%3D&#039;0%200%201920%201080&#039;%2F%3E\" class=\"attachment-full size-full preload-me aspect lazy lazy-load\" alt=\"\" sizes=\"(max-width: 1920px) 100vw, 1920px\" style=\"--ratio: 1920 \/ 1080;\" data-src=\"https:\/\/www.lobeco.de\/wp-content\/uploads\/2024\/07\/sport-sponsoring.jpg\" loading=\"eager\" data-srcset=\"https:\/\/www.lobeco.de\/wp-content\/uploads\/2024\/07\/sport-sponsoring.jpg 1920w, https:\/\/www.lobeco.de\/wp-content\/uploads\/2024\/07\/sport-sponsoring-300x169.jpg 300w, https:\/\/www.lobeco.de\/wp-content\/uploads\/2024\/07\/sport-sponsoring-1024x576.jpg 1024w, https:\/\/www.lobeco.de\/wp-content\/uploads\/2024\/07\/sport-sponsoring-768x432.jpg 768w, https:\/\/www.lobeco.de\/wp-content\/uploads\/2024\/07\/sport-sponsoring-1536x864.jpg 1536w, https:\/\/www.lobeco.de\/wp-content\/uploads\/2024\/07\/sport-sponsoring-1120x630.jpg 1120w, https:\/\/www.lobeco.de\/wp-content\/uploads\/2024\/07\/sport-sponsoring-1116x628.jpg 1116w\" \/><\/a>\n\t\t<\/div>\n\t<\/div>\n\n\n<div class=\"post-entry-content\">\n\n\t<h3 class=\"ele-entry-title\"><a href=\"https:\/\/www.lobeco.de\/en\/2024\/10\/14\/why-sports-marketing-is-a-central-component-of-lobecos-services\/\" rel=\"bookmark\" title=\"Why sports marketing is a central component of LOBECO&#8217;s services\">Why sports marketing is a central component of LOBECO&#8217;s services<\/a><\/h3><div class=\"entry-meta\"><a href=\"https:\/\/www.lobeco.de\/en\/2024\/10\/14\/\" title=\"11:10\" class=\"meta-item data-link\" rel=\"bookmark\"><time class=\"entry-date updated\" datetime=\"2024-10-14T11:10:21+02:00\">14. October 2024<\/time><\/a><\/div><div class=\"entry-excerpt\"><p>LOBECO has started its digital marketing journey in the world of sports. Since our &#8220;competitive debut&#8221;, we have been working closely with clubs, associations and athletes while advising brands on their sports sponsorship activities. <\/p>\n<\/div><a href=\"https:\/\/www.lobeco.de\/en\/2024\/10\/14\/why-sports-marketing-is-a-central-component-of-lobecos-services\/\" target=\"\" aria-label=\"Read more about Why sports marketing is a central component of LOBECO&#8217;s services\" class=\"box-button elementor-button elementor-size-xs\">Read more<\/a>\n<\/div><\/article><\/div><div class=\"visible wf-cell iso-item\" data-post-id=\"107921\" data-date=\"2024-10-09T18:00:02+02:00\" data-name=\"AI - a balancing act between opportunities and challenges\"><article class=\"post visible post-107921 type-post status-publish format-standard has-post-thumbnail hentry category-blog-en\" data-name=\"AI &#8211; a balancing act between opportunities and challenges\" data-date=\"2024-10-09T18:00:02+02:00\">\n\n\t<div class=\"post-thumbnail-wrap\">\n\t\t<div class=\"post-thumbnail\">\n\n\t\t\t<a class=\"post-thumbnail-rollover layzr-bg img-css-resize-wrapper\" aria-label=\"Post image\" href=\"https:\/\/www.lobeco.de\/en\/2024\/10\/09\/ai-a-balancing-act-between-opportunities-and-challenges\/\"><img decoding=\"async\" width=\"800\" height=\"800\" src=\"data:image\/svg+xml,%3Csvg%20xmlns%3D&#039;http%3A%2F%2Fwww.w3.org%2F2000%2Fsvg&#039;%20viewBox%3D&#039;0%200%20800%20800&#039;%2F%3E\" class=\"attachment-full size-full preload-me aspect lazy lazy-load\" alt=\"\" style=\"--ratio: 800 \/ 800;\" data-src=\"https:\/\/www.lobeco.de\/wp-content\/uploads\/2024\/08\/Workshop_s-e1728489424649.png\" loading=\"eager\" \/><\/a>\n\t\t<\/div>\n\t<\/div>\n\n\n<div class=\"post-entry-content\">\n\n\t<h3 class=\"ele-entry-title\"><a href=\"https:\/\/www.lobeco.de\/en\/2024\/10\/09\/ai-a-balancing-act-between-opportunities-and-challenges\/\" rel=\"bookmark\" title=\"AI &#8211; a balancing act between opportunities and challenges\">AI &#8211; a balancing act between opportunities and challenges<\/a><\/h3><div class=\"entry-meta\"><a href=\"https:\/\/www.lobeco.de\/en\/2024\/10\/09\/\" title=\"18:00\" class=\"meta-item data-link\" rel=\"bookmark\"><time class=\"entry-date updated\" datetime=\"2024-10-09T18:00:02+02:00\">9. October 2024<\/time><\/a><\/div><div class=\"entry-excerpt\"><p>The rapid progress in the development of AI systems now also means that many common AI tools outperform human performance. &#8220;Man versus machine&#8221; is now on everyone&#8217;s lips. <\/p>\n<\/div><a href=\"https:\/\/www.lobeco.de\/en\/2024\/10\/09\/ai-a-balancing-act-between-opportunities-and-challenges\/\" target=\"\" aria-label=\"Read more about AI &#8211; a balancing act between opportunities and challenges\" class=\"box-button elementor-button elementor-size-xs\">Read more<\/a>\n<\/div><\/article><\/div><div class=\"visible wf-cell iso-item\" data-post-id=\"107918\" data-date=\"2024-10-08T11:32:47+02:00\" data-name=\"Diversity workshop: experiencing diversity together\"><article class=\"post visible post-107918 type-post status-publish format-standard has-post-thumbnail hentry category-blog-en tag-diversity-en tag-lobeco-en tag-workshop-en\" data-name=\"Diversity workshop: experiencing diversity together\" data-date=\"2024-10-08T11:32:47+02:00\">\n\n\t<div class=\"post-thumbnail-wrap\">\n\t\t<div class=\"post-thumbnail\">\n\n\t\t\t<a class=\"post-thumbnail-rollover layzr-bg img-css-resize-wrapper\" aria-label=\"Post image\" href=\"https:\/\/www.lobeco.de\/en\/2024\/10\/08\/diversity-workshop-experiencing-diversity-together\/\"><img decoding=\"async\" width=\"1024\" height=\"768\" src=\"data:image\/svg+xml,%3Csvg%20xmlns%3D&#039;http%3A%2F%2Fwww.w3.org%2F2000%2Fsvg&#039;%20viewBox%3D&#039;0%200%201024%20768&#039;%2F%3E\" class=\"attachment-full size-full preload-me aspect lazy lazy-load\" alt=\"Diversity Workshop LOBECO\" style=\"--ratio: 1024 \/ 768;\" data-src=\"https:\/\/www.lobeco.de\/wp-content\/uploads\/2024\/10\/Image-20-e1728380092788.jpeg\" loading=\"eager\" \/><\/a>\n\t\t<\/div>\n\t<\/div>\n\n\n<div class=\"post-entry-content\">\n\n\t<h3 class=\"ele-entry-title\"><a href=\"https:\/\/www.lobeco.de\/en\/2024\/10\/08\/diversity-workshop-experiencing-diversity-together\/\" rel=\"bookmark\" title=\"Diversity workshop: experiencing diversity together\">Diversity workshop: experiencing diversity together<\/a><\/h3><div class=\"entry-meta\"><a href=\"https:\/\/www.lobeco.de\/en\/2024\/10\/08\/\" title=\"11:32\" class=\"meta-item data-link\" rel=\"bookmark\"><time class=\"entry-date updated\" datetime=\"2024-10-08T11:32:47+02:00\">8. October 2024<\/time><\/a><\/div><div class=\"entry-excerpt\"><p>Did you know that before 1977, women were not officially allowed to work without their husband&#8217;s consent? This regulation, which discriminates against women, has only been in place for around 53 years. <\/p>\n<\/div><a href=\"https:\/\/www.lobeco.de\/en\/2024\/10\/08\/diversity-workshop-experiencing-diversity-together\/\" target=\"\" aria-label=\"Read more about Diversity workshop: experiencing diversity together\" class=\"box-button elementor-button elementor-size-xs\">Read more<\/a>\n<\/div><\/article><\/div><div class=\"visible wf-cell iso-item\" data-post-id=\"107916\" data-date=\"2024-08-30T11:13:11+02:00\" data-name=\"Welcome to our new website - A look behind the scenes at LOBECO\"><article class=\"post visible post-107916 type-post status-publish format-standard has-post-thumbnail hentry category-blog-en tag-homepage-en tag-lobeco-en tag-new-website tag-web-design\" data-name=\"Welcome to our new website &#8211; A look behind the scenes at LOBECO\" data-date=\"2024-08-30T11:13:11+02:00\">\n\n\t<div class=\"post-thumbnail-wrap\">\n\t\t<div class=\"post-thumbnail\">\n\n\t\t\t<a class=\"post-thumbnail-rollover layzr-bg img-css-resize-wrapper\" aria-label=\"Post image\" href=\"https:\/\/www.lobeco.de\/en\/2024\/08\/30\/welcome-to-our-new-website-a-look-behind-the-scenes-at-lobeco\/\"><img decoding=\"async\" width=\"1366\" height=\"768\" src=\"data:image\/svg+xml,%3Csvg%20xmlns%3D&#039;http%3A%2F%2Fwww.w3.org%2F2000%2Fsvg&#039;%20viewBox%3D&#039;0%200%201366%20768&#039;%2F%3E\" class=\"attachment-full size-full preload-me aspect lazy lazy-load\" alt=\"\" sizes=\"(max-width: 1366px) 100vw, 1366px\" style=\"--ratio: 1366 \/ 768;\" data-src=\"https:\/\/www.lobeco.de\/wp-content\/uploads\/2024\/08\/website-relaunch.jpg\" loading=\"eager\" data-srcset=\"https:\/\/www.lobeco.de\/wp-content\/uploads\/2024\/08\/website-relaunch.jpg 1366w, https:\/\/www.lobeco.de\/wp-content\/uploads\/2024\/08\/website-relaunch-300x169.jpg 300w, https:\/\/www.lobeco.de\/wp-content\/uploads\/2024\/08\/website-relaunch-1024x576.jpg 1024w, https:\/\/www.lobeco.de\/wp-content\/uploads\/2024\/08\/website-relaunch-768x432.jpg 768w, https:\/\/www.lobeco.de\/wp-content\/uploads\/2024\/08\/website-relaunch-1121x630.jpg 1121w, https:\/\/www.lobeco.de\/wp-content\/uploads\/2024\/08\/website-relaunch-1117x628.jpg 1117w\" \/><\/a>\n\t\t<\/div>\n\t<\/div>\n\n\n<div class=\"post-entry-content\">\n\n\t<h3 class=\"ele-entry-title\"><a href=\"https:\/\/www.lobeco.de\/en\/2024\/08\/30\/welcome-to-our-new-website-a-look-behind-the-scenes-at-lobeco\/\" rel=\"bookmark\" title=\"Welcome to our new website &#8211; A look behind the scenes at LOBECO\">Welcome to our new website &#8211; A look behind the scenes at LOBECO<\/a><\/h3><div class=\"entry-meta\"><a href=\"https:\/\/www.lobeco.de\/en\/2024\/08\/30\/\" title=\"11:13\" class=\"meta-item data-link\" rel=\"bookmark\"><time class=\"entry-date updated\" datetime=\"2024-08-30T11:13:11+02:00\">30. August 2024<\/time><\/a><\/div><div class=\"entry-excerpt\"><p>Just in time for our 10th anniversary, we have given ourselves a special gift: our website has a new look! Here at www.lobeco.de you will now find a digital home that reflects our impressive development over the last few years. <\/p>\n<\/div><a href=\"https:\/\/www.lobeco.de\/en\/2024\/08\/30\/welcome-to-our-new-website-a-look-behind-the-scenes-at-lobeco\/\" target=\"\" aria-label=\"Read more about Welcome to our new website &#8211; A look behind the scenes at LOBECO\" class=\"box-button elementor-button elementor-size-xs\">Read more<\/a>\n<\/div><\/article><\/div><div class=\"visible wf-cell iso-item\" data-post-id=\"107923\" data-date=\"2024-08-22T15:30:00+02:00\" data-name=\"How to: LinkedIn lead advertising for B2B\"><article class=\"post visible post-107923 type-post status-publish format-standard has-post-thumbnail hentry category-blog-en tag-b2b-marketing tag-digitalmarketing-en tag-leadgeneration-en tag-linkedinads-en\" data-name=\"How to: LinkedIn lead advertising for B2B\" data-date=\"2024-08-22T15:30:00+02:00\">\n\n\t<div class=\"post-thumbnail-wrap\">\n\t\t<div class=\"post-thumbnail\">\n\n\t\t\t<a class=\"post-thumbnail-rollover layzr-bg img-css-resize-wrapper\" aria-label=\"Post image\" href=\"https:\/\/www.lobeco.de\/en\/2024\/08\/22\/how-to-linkedin-lead-advertising-for-b2b\/\"><img decoding=\"async\" width=\"1800\" height=\"1013\" src=\"data:image\/svg+xml,%3Csvg%20xmlns%3D&#039;http%3A%2F%2Fwww.w3.org%2F2000%2Fsvg&#039;%20viewBox%3D&#039;0%200%201800%201013&#039;%2F%3E\" class=\"attachment-full size-full preload-me aspect lazy lazy-load\" alt=\"\" sizes=\"(max-width: 1800px) 100vw, 1800px\" style=\"--ratio: 1800 \/ 1013;\" data-src=\"https:\/\/www.lobeco.de\/wp-content\/uploads\/2024\/08\/lead-werbeschaltung.jpg\" loading=\"eager\" data-srcset=\"https:\/\/www.lobeco.de\/wp-content\/uploads\/2024\/08\/lead-werbeschaltung.jpg 1800w, https:\/\/www.lobeco.de\/wp-content\/uploads\/2024\/08\/lead-werbeschaltung-300x169.jpg 300w, https:\/\/www.lobeco.de\/wp-content\/uploads\/2024\/08\/lead-werbeschaltung-1024x576.jpg 1024w, https:\/\/www.lobeco.de\/wp-content\/uploads\/2024\/08\/lead-werbeschaltung-768x432.jpg 768w, https:\/\/www.lobeco.de\/wp-content\/uploads\/2024\/08\/lead-werbeschaltung-1536x864.jpg 1536w, https:\/\/www.lobeco.de\/wp-content\/uploads\/2024\/08\/lead-werbeschaltung-1119x630.jpg 1119w, https:\/\/www.lobeco.de\/wp-content\/uploads\/2024\/08\/lead-werbeschaltung-1116x628.jpg 1116w\" \/><\/a>\n\t\t<\/div>\n\t<\/div>\n\n\n<div class=\"post-entry-content\">\n\n\t<h3 class=\"ele-entry-title\"><a href=\"https:\/\/www.lobeco.de\/en\/2024\/08\/22\/how-to-linkedin-lead-advertising-for-b2b\/\" rel=\"bookmark\" title=\"How to: LinkedIn lead advertising for B2B\">How to: LinkedIn lead advertising for B2B<\/a><\/h3><div class=\"entry-meta\"><a href=\"https:\/\/www.lobeco.de\/en\/2024\/08\/22\/\" title=\"15:30\" class=\"meta-item data-link\" rel=\"bookmark\"><time class=\"entry-date updated\" datetime=\"2024-08-22T15:30:00+02:00\">22. August 2024<\/time><\/a><\/div><div class=\"entry-excerpt\"><p>Why are you still not generating leads with LinkedIn Ads? It&#8217;s never been easier! \ud83d\ude80 With LinkedIn Lead Gen Ads, the valuable data you desperately need is just two clicks away.  <\/p>\n<\/div><a href=\"https:\/\/www.lobeco.de\/en\/2024\/08\/22\/how-to-linkedin-lead-advertising-for-b2b\/\" target=\"\" aria-label=\"Read more about How to: LinkedIn lead advertising for B2B\" class=\"box-button elementor-button elementor-size-xs\">Read more<\/a>\n<\/div><\/article><\/div><div class=\"visible wf-cell iso-item\" data-post-id=\"107931\" data-date=\"2024-01-16T12:08:00+01:00\" data-name=\"A look at the digital marketing landscape in China: Key trends every brand should be aware of\"><article class=\"post visible post-107931 type-post status-publish format-standard has-post-thumbnail hentry category-blog-en\" data-name=\"A look at the digital marketing landscape in China: Key trends every brand should be aware of\" data-date=\"2024-01-16T12:08:00+01:00\">\n\n\t<div class=\"post-thumbnail-wrap\">\n\t\t<div class=\"post-thumbnail\">\n\n\t\t\t<a class=\"post-thumbnail-rollover layzr-bg img-css-resize-wrapper\" aria-label=\"Post image\" href=\"https:\/\/www.lobeco.de\/en\/2024\/01\/16\/a-look-at-the-digital-marketing-landscape-in-china-key-trends-every-brand-should-be-aware-of\/\"><img decoding=\"async\" width=\"1920\" height=\"1080\" src=\"data:image\/svg+xml,%3Csvg%20xmlns%3D&#039;http%3A%2F%2Fwww.w3.org%2F2000%2Fsvg&#039;%20viewBox%3D&#039;0%200%201920%201080&#039;%2F%3E\" class=\"attachment-full size-full preload-me aspect lazy lazy-load\" alt=\"\" sizes=\"(max-width: 1920px) 100vw, 1920px\" style=\"--ratio: 1920 \/ 1080;\" data-src=\"https:\/\/www.lobeco.de\/wp-content\/uploads\/2024\/01\/titelbild.png\" loading=\"eager\" data-srcset=\"https:\/\/www.lobeco.de\/wp-content\/uploads\/2024\/01\/titelbild.png 1920w, https:\/\/www.lobeco.de\/wp-content\/uploads\/2024\/01\/titelbild-300x169.png 300w, https:\/\/www.lobeco.de\/wp-content\/uploads\/2024\/01\/titelbild-1024x576.png 1024w, https:\/\/www.lobeco.de\/wp-content\/uploads\/2024\/01\/titelbild-768x432.png 768w, https:\/\/www.lobeco.de\/wp-content\/uploads\/2024\/01\/titelbild-1536x864.png 1536w\" \/><\/a>\n\t\t<\/div>\n\t<\/div>\n\n\n<div class=\"post-entry-content\">\n\n\t<h3 class=\"ele-entry-title\"><a href=\"https:\/\/www.lobeco.de\/en\/2024\/01\/16\/a-look-at-the-digital-marketing-landscape-in-china-key-trends-every-brand-should-be-aware-of\/\" rel=\"bookmark\" title=\"A look at the digital marketing landscape in China: Key trends every brand should be aware of\">A look at the digital marketing landscape in China: Key trends every brand should be aware of<\/a><\/h3><div class=\"entry-meta\"><a href=\"https:\/\/www.lobeco.de\/en\/2024\/01\/16\/\" title=\"12:08\" class=\"meta-item data-link\" rel=\"bookmark\"><time class=\"entry-date updated\" datetime=\"2024-01-16T12:08:00+01:00\">16. January 2024<\/time><\/a><\/div><div class=\"entry-excerpt\"><p>The Chinese market is known for its dynamism and innovation. In recent years, the development of China&#8217;s digital landscape has been both unique and complex. <\/p>\n<\/div><a href=\"https:\/\/www.lobeco.de\/en\/2024\/01\/16\/a-look-at-the-digital-marketing-landscape-in-china-key-trends-every-brand-should-be-aware-of\/\" target=\"\" aria-label=\"Read more about A look at the digital marketing landscape in China: Key trends every brand should be aware of\" class=\"box-button elementor-button elementor-size-xs\">Read more<\/a>\n<\/div><\/article><\/div><div class=\"visible wf-cell iso-item\" data-post-id=\"107939\" data-date=\"2023-04-04T10:00:00+02:00\" data-name=\"How will artificial intelligence shape our future?\"><article class=\"post visible post-107939 type-post status-publish format-standard has-post-thumbnail hentry category-blog-en\" data-name=\"How will artificial intelligence shape our future?\" data-date=\"2023-04-04T10:00:00+02:00\">\n\n\t<div class=\"post-thumbnail-wrap\">\n\t\t<div class=\"post-thumbnail\">\n\n\t\t\t<a class=\"post-thumbnail-rollover layzr-bg img-css-resize-wrapper\" aria-label=\"Post image\" href=\"https:\/\/www.lobeco.de\/en\/2023\/04\/04\/how-will-artificial-intelligence-shape-our-future\/\"><img decoding=\"async\" width=\"2048\" height=\"1638\" src=\"data:image\/svg+xml,%3Csvg%20xmlns%3D&#039;http%3A%2F%2Fwww.w3.org%2F2000%2Fsvg&#039;%20viewBox%3D&#039;0%200%202048%201638&#039;%2F%3E\" class=\"attachment-full size-full preload-me aspect lazy lazy-load\" alt=\"\" sizes=\"(max-width: 2048px) 100vw, 2048px\" style=\"--ratio: 2048 \/ 1638;\" data-src=\"https:\/\/www.lobeco.de\/wp-content\/uploads\/2023\/04\/lobeco-hackathon.jpg\" loading=\"eager\" data-srcset=\"https:\/\/www.lobeco.de\/wp-content\/uploads\/2023\/04\/lobeco-hackathon.jpg 2048w, https:\/\/www.lobeco.de\/wp-content\/uploads\/2023\/04\/lobeco-hackathon-300x240.jpg 300w, https:\/\/www.lobeco.de\/wp-content\/uploads\/2023\/04\/lobeco-hackathon-1024x819.jpg 1024w, https:\/\/www.lobeco.de\/wp-content\/uploads\/2023\/04\/lobeco-hackathon-768x614.jpg 768w, https:\/\/www.lobeco.de\/wp-content\/uploads\/2023\/04\/lobeco-hackathon-1536x1229.jpg 1536w\" \/><\/a>\n\t\t<\/div>\n\t<\/div>\n\n\n<div class=\"post-entry-content\">\n\n\t<h3 class=\"ele-entry-title\"><a href=\"https:\/\/www.lobeco.de\/en\/2023\/04\/04\/how-will-artificial-intelligence-shape-our-future\/\" rel=\"bookmark\" title=\"How will artificial intelligence shape our future?\">How will artificial intelligence shape our future?<\/a><\/h3><div class=\"entry-meta\"><a href=\"https:\/\/www.lobeco.de\/en\/2023\/04\/04\/\" title=\"10:00\" class=\"meta-item data-link\" rel=\"bookmark\"><time class=\"entry-date updated\" datetime=\"2023-04-04T10:00:00+02:00\">4. April 2023<\/time><\/a><\/div><div class=\"entry-excerpt\"><p>One thing is clear: AI programs such as Chat GPT, DALLE and co. are already making waves and are on everyone&#8217;s lips. We believe that AI technology represents the biggest change since the industrial revolution. <\/p>\n<\/div><a href=\"https:\/\/www.lobeco.de\/en\/2023\/04\/04\/how-will-artificial-intelligence-shape-our-future\/\" target=\"\" aria-label=\"Read more about How will artificial intelligence shape our future?\" class=\"box-button elementor-button elementor-size-xs\">Read more<\/a>\n<\/div><\/article><\/div><div class=\"visible wf-cell iso-item\" data-post-id=\"107937\" data-date=\"2023-04-03T09:00:00+02:00\" data-name=\"LOBECO focuses on long-term relationships with employees\"><article class=\"post visible post-107937 type-post status-publish format-standard has-post-thumbnail hentry category-blog-en tag-featured-en\" data-name=\"LOBECO focuses on long-term relationships with employees\" data-date=\"2023-04-03T09:00:00+02:00\">\n\n\t<div class=\"post-thumbnail-wrap\">\n\t\t<div class=\"post-thumbnail\">\n\n\t\t\t<a class=\"post-thumbnail-rollover layzr-bg img-css-resize-wrapper\" aria-label=\"Post image\" href=\"https:\/\/www.lobeco.de\/en\/2023\/04\/03\/lobeco-focuses-on-long-term-relationships-with-employees\/\"><img decoding=\"async\" width=\"2048\" height=\"1152\" src=\"data:image\/svg+xml,%3Csvg%20xmlns%3D&#039;http%3A%2F%2Fwww.w3.org%2F2000%2Fsvg&#039;%20viewBox%3D&#039;0%200%202048%201152&#039;%2F%3E\" class=\"attachment-full size-full preload-me aspect lazy lazy-load\" alt=\"\" sizes=\"(max-width: 2048px) 100vw, 2048px\" style=\"--ratio: 2048 \/ 1152;\" data-src=\"https:\/\/www.lobeco.de\/wp-content\/uploads\/2023\/01\/lobeco-academy.jpg\" loading=\"eager\" data-srcset=\"https:\/\/www.lobeco.de\/wp-content\/uploads\/2023\/01\/lobeco-academy.jpg 2048w, https:\/\/www.lobeco.de\/wp-content\/uploads\/2023\/01\/lobeco-academy-300x169.jpg 300w, https:\/\/www.lobeco.de\/wp-content\/uploads\/2023\/01\/lobeco-academy-1024x576.jpg 1024w, https:\/\/www.lobeco.de\/wp-content\/uploads\/2023\/01\/lobeco-academy-768x432.jpg 768w, https:\/\/www.lobeco.de\/wp-content\/uploads\/2023\/01\/lobeco-academy-1536x864.jpg 1536w\" \/><\/a>\n\t\t<\/div>\n\t<\/div>\n\n\n<div class=\"post-entry-content\">\n\n\t<h3 class=\"ele-entry-title\"><a href=\"https:\/\/www.lobeco.de\/en\/2023\/04\/03\/lobeco-focuses-on-long-term-relationships-with-employees\/\" rel=\"bookmark\" title=\"LOBECO focuses on long-term relationships with employees\">LOBECO focuses on long-term relationships with employees<\/a><\/h3><div class=\"entry-meta\"><a href=\"https:\/\/www.lobeco.de\/en\/2023\/04\/03\/\" title=\"9:00\" class=\"meta-item data-link\" rel=\"bookmark\"><time class=\"entry-date updated\" datetime=\"2023-04-03T09:00:00+02:00\">3. April 2023<\/time><\/a><\/div><div class=\"entry-excerpt\"><p>Long-term relationships with employees are the key to the success of any company &#8211; and these can be achieved by offering career prospects, a strong culture and team spirit.<\/p>\n<\/div><a href=\"https:\/\/www.lobeco.de\/en\/2023\/04\/03\/lobeco-focuses-on-long-term-relationships-with-employees\/\" target=\"\" aria-label=\"Read more about LOBECO focuses on long-term relationships with employees\" class=\"box-button elementor-button elementor-size-xs\">Read more<\/a>\n<\/div><\/article><\/div><div class=\"visible wf-cell iso-item\" data-post-id=\"107941\" data-date=\"2023-03-30T09:00:00+02:00\" data-name=\"LOBECO Shanghai looks positively to the future\"><article class=\"post visible post-107941 type-post status-publish format-standard has-post-thumbnail hentry category-blog-en\" data-name=\"LOBECO Shanghai looks positively to the future\" data-date=\"2023-03-30T09:00:00+02:00\">\n\n\t<div class=\"post-thumbnail-wrap\">\n\t\t<div class=\"post-thumbnail\">\n\n\t\t\t<a class=\"post-thumbnail-rollover layzr-bg img-css-resize-wrapper\" aria-label=\"Post image\" href=\"https:\/\/www.lobeco.de\/en\/2023\/03\/30\/lobeco-shanghai-looks-positively-to-the-future\/\"><img decoding=\"async\" width=\"2003\" height=\"1536\" src=\"data:image\/svg+xml,%3Csvg%20xmlns%3D&#039;http%3A%2F%2Fwww.w3.org%2F2000%2Fsvg&#039;%20viewBox%3D&#039;0%200%202003%201536&#039;%2F%3E\" class=\"attachment-full size-full preload-me aspect lazy lazy-load\" alt=\"\" sizes=\"(max-width: 2003px) 100vw, 2003px\" style=\"--ratio: 2003 \/ 1536;\" data-src=\"https:\/\/www.lobeco.de\/wp-content\/uploads\/2023\/03\/lobeco-shanghai.jpg\" loading=\"eager\" data-srcset=\"https:\/\/www.lobeco.de\/wp-content\/uploads\/2023\/03\/lobeco-shanghai.jpg 2003w, https:\/\/www.lobeco.de\/wp-content\/uploads\/2023\/03\/lobeco-shanghai-300x230.jpg 300w, https:\/\/www.lobeco.de\/wp-content\/uploads\/2023\/03\/lobeco-shanghai-1024x785.jpg 1024w, https:\/\/www.lobeco.de\/wp-content\/uploads\/2023\/03\/lobeco-shanghai-768x589.jpg 768w, https:\/\/www.lobeco.de\/wp-content\/uploads\/2023\/03\/lobeco-shanghai-1536x1178.jpg 1536w\" \/><\/a>\n\t\t<\/div>\n\t<\/div>\n\n\n<div class=\"post-entry-content\">\n\n\t<h3 class=\"ele-entry-title\"><a href=\"https:\/\/www.lobeco.de\/en\/2023\/03\/30\/lobeco-shanghai-looks-positively-to-the-future\/\" rel=\"bookmark\" title=\"LOBECO Shanghai looks positively to the future\">LOBECO Shanghai looks positively to the future<\/a><\/h3><div class=\"entry-meta\"><a href=\"https:\/\/www.lobeco.de\/en\/2023\/03\/30\/\" title=\"9:00\" class=\"meta-item data-link\" rel=\"bookmark\"><time class=\"entry-date updated\" datetime=\"2023-03-30T09:00:00+02:00\">30. March 2023<\/time><\/a><\/div><div class=\"entry-excerpt\"><p>2022 was a turbulent year for everyone around the world &#8211; but especially for our colleagues in Shanghai, who experienced an extreme lockdown and COVID-19 outbreak.<\/p>\n<\/div><a href=\"https:\/\/www.lobeco.de\/en\/2023\/03\/30\/lobeco-shanghai-looks-positively-to-the-future\/\" target=\"\" aria-label=\"Read more about LOBECO Shanghai looks positively to the future\" class=\"box-button elementor-button elementor-size-xs\">Read more<\/a>\n<\/div><\/article><\/div><div class=\"visible wf-cell iso-item\" data-post-id=\"107951\" data-date=\"2023-03-28T09:00:00+02:00\" data-name=\"LOBECO promotes the Berlin sneaker\"><article class=\"post visible post-107951 type-post status-publish format-standard has-post-thumbnail hentry category-blog-en\" data-name=\"LOBECO promotes the Berlin sneaker\" data-date=\"2023-03-28T09:00:00+02:00\">\n\n\t<div class=\"post-thumbnail-wrap\">\n\t\t<div class=\"post-thumbnail\">\n\n\t\t\t<a class=\"post-thumbnail-rollover layzr-bg img-css-resize-wrapper\" aria-label=\"Post image\" href=\"https:\/\/www.lobeco.de\/en\/2023\/03\/28\/lobeco-promotes-the-berlin-sneaker\/\"><img decoding=\"async\" width=\"1280\" height=\"960\" src=\"data:image\/svg+xml,%3Csvg%20xmlns%3D&#039;http%3A%2F%2Fwww.w3.org%2F2000%2Fsvg&#039;%20viewBox%3D&#039;0%200%201280%20960&#039;%2F%3E\" class=\"attachment-full size-full preload-me aspect lazy lazy-load\" alt=\"\" sizes=\"(max-width: 1280px) 100vw, 1280px\" style=\"--ratio: 1280 \/ 960;\" data-src=\"https:\/\/www.lobeco.de\/wp-content\/uploads\/2023\/03\/berlin-sneaker.jpg\" loading=\"eager\" data-srcset=\"https:\/\/www.lobeco.de\/wp-content\/uploads\/2023\/03\/berlin-sneaker.jpg 1280w, https:\/\/www.lobeco.de\/wp-content\/uploads\/2023\/03\/berlin-sneaker-300x225.jpg 300w, https:\/\/www.lobeco.de\/wp-content\/uploads\/2023\/03\/berlin-sneaker-1024x768.jpg 1024w, https:\/\/www.lobeco.de\/wp-content\/uploads\/2023\/03\/berlin-sneaker-768x576.jpg 768w\" \/><\/a>\n\t\t<\/div>\n\t<\/div>\n\n\n<div class=\"post-entry-content\">\n\n\t<h3 class=\"ele-entry-title\"><a href=\"https:\/\/www.lobeco.de\/en\/2023\/03\/28\/lobeco-promotes-the-berlin-sneaker\/\" rel=\"bookmark\" title=\"LOBECO promotes the Berlin sneaker\">LOBECO promotes the Berlin sneaker<\/a><\/h3><div class=\"entry-meta\"><a href=\"https:\/\/www.lobeco.de\/en\/2023\/03\/28\/\" title=\"9:00\" class=\"meta-item data-link\" rel=\"bookmark\"><time class=\"entry-date updated\" datetime=\"2023-03-28T09:00:00+02:00\">28. March 2023<\/time><\/a><\/div><div class=\"entry-excerpt\"><p>As a consulting company, we are always working on new and exciting sectors and products. We are proud to support the state of Berlin in promoting the new Berlin Sneaker online. The clean shoe, which has been available for weeks in a limited edition with a brutalist &#8220;Berlin&#8221; logo, sold out quickly in some sizes and still has what it takes to become a cult item.  <\/p>\n<\/div><a href=\"https:\/\/www.lobeco.de\/en\/2023\/03\/28\/lobeco-promotes-the-berlin-sneaker\/\" target=\"\" aria-label=\"Read more about LOBECO promotes the Berlin sneaker\" class=\"box-button elementor-button elementor-size-xs\">Read more<\/a>\n<\/div><\/article><\/div><div class=\"visible wf-cell iso-item\" data-post-id=\"107949\" data-date=\"2023-03-21T16:00:00+01:00\" data-name=\"LOBECO supports the Munich Security Conference\"><article class=\"post visible post-107949 type-post status-publish format-standard has-post-thumbnail hentry category-blog-en\" data-name=\"LOBECO supports the Munich Security Conference\" data-date=\"2023-03-21T16:00:00+01:00\">\n\n\t<div class=\"post-thumbnail-wrap\">\n\t\t<div class=\"post-thumbnail\">\n\n\t\t\t<a class=\"post-thumbnail-rollover layzr-bg img-css-resize-wrapper\" aria-label=\"Post image\" href=\"https:\/\/www.lobeco.de\/en\/2023\/03\/21\/lobeco-supports-the-munich-security-conference\/\"><img decoding=\"async\" width=\"2048\" height=\"1536\" src=\"data:image\/svg+xml,%3Csvg%20xmlns%3D&#039;http%3A%2F%2Fwww.w3.org%2F2000%2Fsvg&#039;%20viewBox%3D&#039;0%200%202048%201536&#039;%2F%3E\" class=\"attachment-full size-full preload-me aspect lazy lazy-load\" alt=\"\" sizes=\"(max-width: 2048px) 100vw, 2048px\" style=\"--ratio: 2048 \/ 1536;\" data-src=\"https:\/\/www.lobeco.de\/wp-content\/uploads\/2023\/03\/lobeco-msc.jpg\" loading=\"eager\" data-srcset=\"https:\/\/www.lobeco.de\/wp-content\/uploads\/2023\/03\/lobeco-msc.jpg 2048w, https:\/\/www.lobeco.de\/wp-content\/uploads\/2023\/03\/lobeco-msc-300x225.jpg 300w, https:\/\/www.lobeco.de\/wp-content\/uploads\/2023\/03\/lobeco-msc-1024x768.jpg 1024w, https:\/\/www.lobeco.de\/wp-content\/uploads\/2023\/03\/lobeco-msc-768x576.jpg 768w, https:\/\/www.lobeco.de\/wp-content\/uploads\/2023\/03\/lobeco-msc-1536x1152.jpg 1536w\" \/><\/a>\n\t\t<\/div>\n\t<\/div>\n\n\n<div class=\"post-entry-content\">\n\n\t<h3 class=\"ele-entry-title\"><a href=\"https:\/\/www.lobeco.de\/en\/2023\/03\/21\/lobeco-supports-the-munich-security-conference\/\" rel=\"bookmark\" title=\"LOBECO supports the Munich Security Conference\">LOBECO supports the Munich Security Conference<\/a><\/h3><div class=\"entry-meta\"><a href=\"https:\/\/www.lobeco.de\/en\/2023\/03\/21\/\" title=\"16:00\" class=\"meta-item data-link\" rel=\"bookmark\"><time class=\"entry-date updated\" datetime=\"2023-03-21T16:00:00+01:00\">21. March 2023<\/time><\/a><\/div><div class=\"entry-excerpt\"><p>We are delighted to have been supporting the Munich Security Conference since 2016 in promoting transparency through digital channels and engaging a global audience in discussions on critical political issues. This year, our team provided the conference with two fully functional streaming studios to host high-quality live streams. <\/p>\n<\/div><a href=\"https:\/\/www.lobeco.de\/en\/2023\/03\/21\/lobeco-supports-the-munich-security-conference\/\" target=\"\" aria-label=\"Read more about LOBECO supports the Munich Security Conference\" class=\"box-button elementor-button elementor-size-xs\">Read more<\/a>\n<\/div><\/article><\/div><div class=\"visible wf-cell iso-item\" data-post-id=\"107947\" data-date=\"2022-12-09T12:00:00+01:00\" data-name=\"LOBECO defends the social media budget for BMW Motorrad\"><article class=\"post visible post-107947 type-post status-publish format-standard has-post-thumbnail hentry category-blog-en category-unkategorisiert tag-bmw-motorcycle tag-pitch-en tag-social-media-en\" data-name=\"LOBECO defends the social media budget for BMW Motorrad\" data-date=\"2022-12-09T12:00:00+01:00\">\n\n\t<div class=\"post-thumbnail-wrap\">\n\t\t<div class=\"post-thumbnail\">\n\n\t\t\t<a class=\"post-thumbnail-rollover layzr-bg img-css-resize-wrapper\" aria-label=\"Post image\" href=\"https:\/\/www.lobeco.de\/en\/2022\/12\/09\/lobeco-defends-the-social-media-budget-for-bmw-motorrad\/\"><img decoding=\"async\" width=\"1920\" height=\"1080\" src=\"data:image\/svg+xml,%3Csvg%20xmlns%3D&#039;http%3A%2F%2Fwww.w3.org%2F2000%2Fsvg&#039;%20viewBox%3D&#039;0%200%201920%201080&#039;%2F%3E\" class=\"attachment-full size-full preload-me aspect lazy lazy-load\" alt=\"\" sizes=\"(max-width: 1920px) 100vw, 1920px\" style=\"--ratio: 1920 \/ 1080;\" data-src=\"https:\/\/www.lobeco.de\/wp-content\/uploads\/2023\/04\/Header.png\" loading=\"eager\" data-srcset=\"https:\/\/www.lobeco.de\/wp-content\/uploads\/2023\/04\/Header.png 1920w, https:\/\/www.lobeco.de\/wp-content\/uploads\/2023\/04\/Header-300x169.png 300w, https:\/\/www.lobeco.de\/wp-content\/uploads\/2023\/04\/Header-1024x576.png 1024w, https:\/\/www.lobeco.de\/wp-content\/uploads\/2023\/04\/Header-768x432.png 768w, https:\/\/www.lobeco.de\/wp-content\/uploads\/2023\/04\/Header-1536x864.png 1536w\" \/><\/a>\n\t\t<\/div>\n\t<\/div>\n\n\n<div class=\"post-entry-content\">\n\n\t<h3 class=\"ele-entry-title\"><a href=\"https:\/\/www.lobeco.de\/en\/2022\/12\/09\/lobeco-defends-the-social-media-budget-for-bmw-motorrad\/\" rel=\"bookmark\" title=\"LOBECO defends the social media budget for BMW Motorrad\">LOBECO defends the social media budget for BMW Motorrad<\/a><\/h3><div class=\"entry-meta\"><a href=\"https:\/\/www.lobeco.de\/en\/2022\/12\/09\/\" title=\"12:00\" class=\"meta-item data-link\" rel=\"bookmark\"><time class=\"entry-date updated\" datetime=\"2022-12-09T12:00:00+01:00\">9. December 2022<\/time><\/a><\/div><div class=\"entry-excerpt\"><p>LOBECO GmbH has won the pitch for BMW Motorrad&#8217;s social media account and successfully defended its mandate. LOBECO will thus continue to strategically and operationally manage the central brand channels as well as the channels of the German market in the coming years. <\/p>\n<\/div><a href=\"https:\/\/www.lobeco.de\/en\/2022\/12\/09\/lobeco-defends-the-social-media-budget-for-bmw-motorrad\/\" target=\"\" aria-label=\"Read more about LOBECO defends the social media budget for BMW Motorrad\" class=\"box-button elementor-button elementor-size-xs\">Read more<\/a>\n<\/div><\/article><\/div><div class=\"visible wf-cell iso-item\" data-post-id=\"107945\" data-date=\"2022-07-07T16:39:00+02:00\" data-name=\"BMW Motorrad: The most awarded TikTok channel in Germany\"><article class=\"post visible post-107945 type-post status-publish format-standard has-post-thumbnail hentry category-blog-en\" data-name=\"BMW Motorrad: The most awarded TikTok channel in Germany\" data-date=\"2022-07-07T16:39:00+02:00\">\n\n\t<div class=\"post-thumbnail-wrap\">\n\t\t<div class=\"post-thumbnail\">\n\n\t\t\t<a class=\"post-thumbnail-rollover layzr-bg img-css-resize-wrapper\" aria-label=\"Post image\" href=\"https:\/\/www.lobeco.de\/en\/2022\/07\/07\/bmw-motorrad-the-most-awarded-tiktok-channel-in-germany\/\"><img decoding=\"async\" width=\"1589\" height=\"1080\" src=\"data:image\/svg+xml,%3Csvg%20xmlns%3D&#039;http%3A%2F%2Fwww.w3.org%2F2000%2Fsvg&#039;%20viewBox%3D&#039;0%200%201589%201080&#039;%2F%3E\" class=\"attachment-full size-full preload-me aspect lazy lazy-load\" alt=\"\" sizes=\"(max-width: 1589px) 100vw, 1589px\" style=\"--ratio: 1589 \/ 1080;\" data-src=\"https:\/\/www.lobeco.de\/wp-content\/uploads\/2023\/04\/BMW_TikTok.jpg\" loading=\"eager\" data-srcset=\"https:\/\/www.lobeco.de\/wp-content\/uploads\/2023\/04\/BMW_TikTok.jpg 1589w, https:\/\/www.lobeco.de\/wp-content\/uploads\/2023\/04\/BMW_TikTok-300x204.jpg 300w, https:\/\/www.lobeco.de\/wp-content\/uploads\/2023\/04\/BMW_TikTok-1024x696.jpg 1024w, https:\/\/www.lobeco.de\/wp-content\/uploads\/2023\/04\/BMW_TikTok-768x522.jpg 768w, https:\/\/www.lobeco.de\/wp-content\/uploads\/2023\/04\/BMW_TikTok-1536x1044.jpg 1536w\" \/><\/a>\n\t\t<\/div>\n\t<\/div>\n\n\n<div class=\"post-entry-content\">\n\n\t<h3 class=\"ele-entry-title\"><a href=\"https:\/\/www.lobeco.de\/en\/2022\/07\/07\/bmw-motorrad-the-most-awarded-tiktok-channel-in-germany\/\" rel=\"bookmark\" title=\"BMW Motorrad: The most awarded TikTok channel in Germany\">BMW Motorrad: The most awarded TikTok channel in Germany<\/a><\/h3><div class=\"entry-meta\"><a href=\"https:\/\/www.lobeco.de\/en\/2022\/07\/07\/\" title=\"16:39\" class=\"meta-item data-link\" rel=\"bookmark\"><time class=\"entry-date updated\" datetime=\"2022-07-07T16:39:00+02:00\">7. July 2022<\/time><\/a><\/div><div class=\"entry-excerpt\"><p>BMW Motorrad and LOBECO win seven prestigious awards for brand communication that inspires young people<\/p>\n<\/div><a href=\"https:\/\/www.lobeco.de\/en\/2022\/07\/07\/bmw-motorrad-the-most-awarded-tiktok-channel-in-germany\/\" target=\"\" aria-label=\"Read more about BMW Motorrad: The most awarded TikTok channel in Germany\" class=\"box-button elementor-button elementor-size-xs\">Read more<\/a>\n<\/div><\/article><\/div><\/div><!-- iso-container|iso-grid --><\/div>\t\t\t\t<\/div>\n\t\t\t\t<\/div>\n\t\t\t\t\t<\/div>\n\t\t<\/div>\n\t\t\t\t\t<\/div>\n\t\t<\/section>\n\t\t\t\t<\/div>\n\t\t","protected":false},"excerpt":{"rendered":"<p>Blog Willkommen auf unserer neuen Website \u2013 Ein Blick hinter die Kulissen von LOBECO 30. August 2024 P\u00fcnktlich zu unserem 10-j\u00e4hrigen Jubil\u00e4um haben wir uns selbst ein besonderes Geschenk gemacht: Unsere Website erstrahlt in neuem Glanz! Hier unter www.lobeco.de findest du nun ein digitales Zuhause, das unsere beeindruckende Entwicklung der letzten Jahre widerspiegelt. Read more&hellip;<\/p>\n","protected":false},"author":1,"featured_media":103446,"parent":0,"menu_order":6,"comment_status":"closed","ping_status":"closed","template":"elementor_header_footer","meta":{"footnotes":"","_links_to":"","_links_to_target":""},"class_list":["post-103628","page","type-page","status-publish","has-post-thumbnail","hentry"],"yoast_head":"<!-- This site is optimized with the Yoast SEO Premium plugin v27.4 (Yoast SEO v27.4) - https:\/\/yoast.com\/product\/yoast-seo-premium-wordpress\/ -->\n<title>Blog - LOBECO<\/title>\n<meta name=\"robots\" content=\"index, follow, max-snippet:-1, max-image-preview:large, max-video-preview:-1\" \/>\n<link rel=\"canonical\" href=\"https:\/\/www.lobeco.de\/en\/blog\/\" \/>\n<meta property=\"og:locale\" content=\"en_US\" \/>\n<meta property=\"og:type\" content=\"article\" \/>\n<meta property=\"og:title\" content=\"Blog\" \/>\n<meta property=\"og:description\" content=\"Blog Willkommen auf unserer neuen Website \u2013 Ein Blick hinter die Kulissen von LOBECO 30. August 2024 P\u00fcnktlich zu unserem 10-j\u00e4hrigen Jubil\u00e4um haben wir uns selbst ein besonderes Geschenk gemacht: Unsere Website erstrahlt in neuem Glanz! Hier unter www.lobeco.de findest du nun ein digitales Zuhause, das unsere beeindruckende Entwicklung der letzten Jahre widerspiegelt. Read more&hellip;\" \/>\n<meta property=\"og:url\" content=\"https:\/\/www.lobeco.de\/en\/blog\/\" \/>\n<meta property=\"og:site_name\" content=\"LOBECO\" \/>\n<meta property=\"article:publisher\" content=\"https:\/\/www.facebook.com\/LOBECO\" \/>\n<meta property=\"article:modified_time\" content=\"2025-01-20T09:30:09+00:00\" \/>\n<meta property=\"og:image\" content=\"https:\/\/www.lobeco.de\/wp-content\/uploads\/2024\/07\/newsroom.jpg\" \/>\n\t<meta property=\"og:image:width\" content=\"1512\" \/>\n\t<meta property=\"og:image:height\" content=\"382\" \/>\n\t<meta property=\"og:image:type\" content=\"image\/jpeg\" \/>\n<meta name=\"twitter:card\" content=\"summary_large_image\" \/>\n<meta name=\"twitter:site\" content=\"@LOBECO_GmbH\" \/>\n<meta name=\"twitter:label1\" content=\"Est. reading time\" \/>\n\t<meta name=\"twitter:data1\" content=\"4 minutes\" \/>\n<script type=\"application\/ld+json\" class=\"yoast-schema-graph\">{\"@context\":\"https:\\\/\\\/schema.org\",\"@graph\":[{\"@type\":\"WebPage\",\"@id\":\"https:\\\/\\\/www.lobeco.de\\\/en\\\/blog\\\/\",\"url\":\"https:\\\/\\\/www.lobeco.de\\\/en\\\/blog\\\/\",\"name\":\"Blog - LOBECO\",\"isPartOf\":{\"@id\":\"https:\\\/\\\/www.lobeco.de\\\/en\\\/#website\"},\"primaryImageOfPage\":{\"@id\":\"https:\\\/\\\/www.lobeco.de\\\/en\\\/blog\\\/#primaryimage\"},\"image\":{\"@id\":\"https:\\\/\\\/www.lobeco.de\\\/en\\\/blog\\\/#primaryimage\"},\"thumbnailUrl\":\"https:\\\/\\\/www.lobeco.de\\\/wp-content\\\/uploads\\\/2024\\\/07\\\/newsroom.jpg\",\"datePublished\":\"2024-07-15T13:12:19+00:00\",\"dateModified\":\"2025-01-20T09:30:09+00:00\",\"breadcrumb\":{\"@id\":\"https:\\\/\\\/www.lobeco.de\\\/en\\\/blog\\\/#breadcrumb\"},\"inLanguage\":\"en-US\",\"potentialAction\":[{\"@type\":\"ReadAction\",\"target\":[\"https:\\\/\\\/www.lobeco.de\\\/en\\\/blog\\\/\"]}]},{\"@type\":\"ImageObject\",\"inLanguage\":\"en-US\",\"@id\":\"https:\\\/\\\/www.lobeco.de\\\/en\\\/blog\\\/#primaryimage\",\"url\":\"https:\\\/\\\/www.lobeco.de\\\/wp-content\\\/uploads\\\/2024\\\/07\\\/newsroom.jpg\",\"contentUrl\":\"https:\\\/\\\/www.lobeco.de\\\/wp-content\\\/uploads\\\/2024\\\/07\\\/newsroom.jpg\",\"width\":1512,\"height\":382},{\"@type\":\"BreadcrumbList\",\"@id\":\"https:\\\/\\\/www.lobeco.de\\\/en\\\/blog\\\/#breadcrumb\",\"itemListElement\":[{\"@type\":\"ListItem\",\"position\":1,\"name\":\"Startseite\",\"item\":\"https:\\\/\\\/www.lobeco.de\\\/en\\\/\"},{\"@type\":\"ListItem\",\"position\":2,\"name\":\"Blog\"}]},{\"@type\":\"WebSite\",\"@id\":\"https:\\\/\\\/www.lobeco.de\\\/en\\\/#website\",\"url\":\"https:\\\/\\\/www.lobeco.de\\\/en\\\/\",\"name\":\"LOBECO\",\"description\":\"Social Media &amp; Digital Strategies\",\"publisher\":{\"@id\":\"https:\\\/\\\/www.lobeco.de\\\/en\\\/#organization\"},\"potentialAction\":[{\"@type\":\"SearchAction\",\"target\":{\"@type\":\"EntryPoint\",\"urlTemplate\":\"https:\\\/\\\/www.lobeco.de\\\/en\\\/?s={search_term_string}\"},\"query-input\":{\"@type\":\"PropertyValueSpecification\",\"valueRequired\":true,\"valueName\":\"search_term_string\"}}],\"inLanguage\":\"en-US\"},{\"@type\":\"Organization\",\"@id\":\"https:\\\/\\\/www.lobeco.de\\\/en\\\/#organization\",\"name\":\"LOBECO\",\"url\":\"https:\\\/\\\/www.lobeco.de\\\/en\\\/\",\"logo\":{\"@type\":\"ImageObject\",\"inLanguage\":\"en-US\",\"@id\":\"https:\\\/\\\/www.lobeco.de\\\/en\\\/#\\\/schema\\\/logo\\\/image\\\/\",\"url\":\"https:\\\/\\\/www.lobeco.de\\\/wp-content\\\/uploads\\\/2024\\\/04\\\/LOBECO_LOGO_Digital_Outline.png\",\"contentUrl\":\"https:\\\/\\\/www.lobeco.de\\\/wp-content\\\/uploads\\\/2024\\\/04\\\/LOBECO_LOGO_Digital_Outline.png\",\"width\":2000,\"height\":857,\"caption\":\"LOBECO\"},\"image\":{\"@id\":\"https:\\\/\\\/www.lobeco.de\\\/en\\\/#\\\/schema\\\/logo\\\/image\\\/\"},\"sameAs\":[\"https:\\\/\\\/www.facebook.com\\\/LOBECO\",\"https:\\\/\\\/x.com\\\/LOBECO_GmbH\",\"https:\\\/\\\/www.linkedin.com\\\/company\\\/lobeco-gmbh\",\"https:\\\/\\\/www.instagram.com\\\/lobeco_gmbh\\\/\",\"https:\\\/\\\/www.youtube.com\\\/channel\\\/UCA7_Wr9QUXPPdLv7cXI8d-w\",\"https:\\\/\\\/www.tiktok.com\\\/@lobeco_de\"]}]}<\/script>\n<!-- \/ Yoast SEO Premium plugin. -->","yoast_head_json":{"title":"Blog - LOBECO","robots":{"index":"index","follow":"follow","max-snippet":"max-snippet:-1","max-image-preview":"max-image-preview:large","max-video-preview":"max-video-preview:-1"},"canonical":"https:\/\/www.lobeco.de\/en\/blog\/","og_locale":"en_US","og_type":"article","og_title":"Blog","og_description":"Blog Willkommen auf unserer neuen Website \u2013 Ein Blick hinter die Kulissen von LOBECO 30. August 2024 P\u00fcnktlich zu unserem 10-j\u00e4hrigen Jubil\u00e4um haben wir uns selbst ein besonderes Geschenk gemacht: Unsere Website erstrahlt in neuem Glanz! Hier unter www.lobeco.de findest du nun ein digitales Zuhause, das unsere beeindruckende Entwicklung der letzten Jahre widerspiegelt. Read more&hellip;","og_url":"https:\/\/www.lobeco.de\/en\/blog\/","og_site_name":"LOBECO","article_publisher":"https:\/\/www.facebook.com\/LOBECO","article_modified_time":"2025-01-20T09:30:09+00:00","og_image":[{"width":1512,"height":382,"url":"https:\/\/www.lobeco.de\/wp-content\/uploads\/2024\/07\/newsroom.jpg","type":"image\/jpeg"}],"twitter_card":"summary_large_image","twitter_site":"@LOBECO_GmbH","twitter_misc":{"Est. reading time":"4 minutes"},"schema":{"@context":"https:\/\/schema.org","@graph":[{"@type":"WebPage","@id":"https:\/\/www.lobeco.de\/en\/blog\/","url":"https:\/\/www.lobeco.de\/en\/blog\/","name":"Blog - LOBECO","isPartOf":{"@id":"https:\/\/www.lobeco.de\/en\/#website"},"primaryImageOfPage":{"@id":"https:\/\/www.lobeco.de\/en\/blog\/#primaryimage"},"image":{"@id":"https:\/\/www.lobeco.de\/en\/blog\/#primaryimage"},"thumbnailUrl":"https:\/\/www.lobeco.de\/wp-content\/uploads\/2024\/07\/newsroom.jpg","datePublished":"2024-07-15T13:12:19+00:00","dateModified":"2025-01-20T09:30:09+00:00","breadcrumb":{"@id":"https:\/\/www.lobeco.de\/en\/blog\/#breadcrumb"},"inLanguage":"en-US","potentialAction":[{"@type":"ReadAction","target":["https:\/\/www.lobeco.de\/en\/blog\/"]}]},{"@type":"ImageObject","inLanguage":"en-US","@id":"https:\/\/www.lobeco.de\/en\/blog\/#primaryimage","url":"https:\/\/www.lobeco.de\/wp-content\/uploads\/2024\/07\/newsroom.jpg","contentUrl":"https:\/\/www.lobeco.de\/wp-content\/uploads\/2024\/07\/newsroom.jpg","width":1512,"height":382},{"@type":"BreadcrumbList","@id":"https:\/\/www.lobeco.de\/en\/blog\/#breadcrumb","itemListElement":[{"@type":"ListItem","position":1,"name":"Startseite","item":"https:\/\/www.lobeco.de\/en\/"},{"@type":"ListItem","position":2,"name":"Blog"}]},{"@type":"WebSite","@id":"https:\/\/www.lobeco.de\/en\/#website","url":"https:\/\/www.lobeco.de\/en\/","name":"LOBECO","description":"Social Media &amp; Digital Strategies","publisher":{"@id":"https:\/\/www.lobeco.de\/en\/#organization"},"potentialAction":[{"@type":"SearchAction","target":{"@type":"EntryPoint","urlTemplate":"https:\/\/www.lobeco.de\/en\/?s={search_term_string}"},"query-input":{"@type":"PropertyValueSpecification","valueRequired":true,"valueName":"search_term_string"}}],"inLanguage":"en-US"},{"@type":"Organization","@id":"https:\/\/www.lobeco.de\/en\/#organization","name":"LOBECO","url":"https:\/\/www.lobeco.de\/en\/","logo":{"@type":"ImageObject","inLanguage":"en-US","@id":"https:\/\/www.lobeco.de\/en\/#\/schema\/logo\/image\/","url":"https:\/\/www.lobeco.de\/wp-content\/uploads\/2024\/04\/LOBECO_LOGO_Digital_Outline.png","contentUrl":"https:\/\/www.lobeco.de\/wp-content\/uploads\/2024\/04\/LOBECO_LOGO_Digital_Outline.png","width":2000,"height":857,"caption":"LOBECO"},"image":{"@id":"https:\/\/www.lobeco.de\/en\/#\/schema\/logo\/image\/"},"sameAs":["https:\/\/www.facebook.com\/LOBECO","https:\/\/x.com\/LOBECO_GmbH","https:\/\/www.linkedin.com\/company\/lobeco-gmbh","https:\/\/www.instagram.com\/lobeco_gmbh\/","https:\/\/www.youtube.com\/channel\/UCA7_Wr9QUXPPdLv7cXI8d-w","https:\/\/www.tiktok.com\/@lobeco_de"]}]}},"_links":{"self":[{"href":"https:\/\/www.lobeco.de\/en\/wp-json\/wp\/v2\/pages\/103628","targetHints":{"allow":["GET"]}}],"collection":[{"href":"https:\/\/www.lobeco.de\/en\/wp-json\/wp\/v2\/pages"}],"about":[{"href":"https:\/\/www.lobeco.de\/en\/wp-json\/wp\/v2\/types\/page"}],"author":[{"embeddable":true,"href":"https:\/\/www.lobeco.de\/en\/wp-json\/wp\/v2\/users\/1"}],"replies":[{"embeddable":true,"href":"https:\/\/www.lobeco.de\/en\/wp-json\/wp\/v2\/comments?post=103628"}],"version-history":[{"count":2,"href":"https:\/\/www.lobeco.de\/en\/wp-json\/wp\/v2\/pages\/103628\/revisions"}],"predecessor-version":[{"id":106762,"href":"https:\/\/www.lobeco.de\/en\/wp-json\/wp\/v2\/pages\/103628\/revisions\/106762"}],"wp:featuredmedia":[{"embeddable":true,"href":"https:\/\/www.lobeco.de\/en\/wp-json\/wp\/v2\/media\/103446"}],"wp:attachment":[{"href":"https:\/\/www.lobeco.de\/en\/wp-json\/wp\/v2\/media?parent=103628"}],"curies":[{"name":"wp","href":"https:\/\/api.w.org\/{rel}","templated":true}]}}